{"id":1857,"date":"2017-11-28T10:43:37","date_gmt":"2017-11-28T10:43:37","guid":{"rendered":"https:\/\/www.fundacionsindano.com\/discapacidad\/"},"modified":"2024-06-15T12:03:43","modified_gmt":"2024-06-15T10:03:43","slug":"discapacidad","status":"publish","type":"page","link":"https:\/\/www.fundacionsindano.com\/en\/discapacidad\/","title":{"rendered":"Discapacidad"},"content":{"rendered":"\t\t<div data-elementor-type=\"wp-page\" data-elementor-id=\"1857\" class=\"elementor elementor-1857 elementor-914\" data-elementor-post-type=\"page\">\n\t\t\t\t<div class=\"elementor-element elementor-element-2d0c7ad1 e-con-full e-flex e-con e-parent\" data-id=\"2d0c7ad1\" data-element_type=\"container\" data-e-type=\"container\">\n\t\t<div class=\"elementor-element elementor-element-20d51c63 e-con-full e-flex e-con e-child\" data-id=\"20d51c63\" data-element_type=\"container\" data-e-type=\"container\" data-settings=\"{&quot;background_background&quot;:&quot;classic&quot;}\">\n\t\t\t\t<div class=\"elementor-element elementor-element-3c24109c elementor-widget elementor-widget-heading\" data-id=\"3c24109c\" data-element_type=\"widget\" data-e-type=\"widget\" data-widget_type=\"heading.default\">\n\t\t\t\t<div class=\"elementor-widget-container\">\n\t\t\t\t\t<h1 class=\"elementor-heading-title elementor-size-default\">Discapacidad<\/h1>\t\t\t\t<\/div>\n\t\t\t\t<\/div>\n\t\t\t\t<\/div>\n\t\t\t\t<\/div>\n\t\t<div class=\"elementor-element elementor-element-21d6ec01 e-flex e-con-boxed e-con e-parent\" data-id=\"21d6ec01\" data-element_type=\"container\" data-e-type=\"container\">\n\t\t\t\t\t<div class=\"e-con-inner\">\n\t\t\t\t<div class=\"elementor-element elementor-element-4cb363e4 elementor-tabs-view-vertical elementor-widget__width-inherit elementor-widget elementor-widget-tabs\" data-id=\"4cb363e4\" data-element_type=\"widget\" data-e-type=\"widget\" data-widget_type=\"tabs.default\">\n\t\t\t\t<div class=\"elementor-widget-container\">\n\t\t\t\t\t\t\t<div class=\"elementor-tabs\">\n\t\t\t<div class=\"elementor-tabs-wrapper\" role=\"tablist\" >\n\t\t\t\t\t\t\t\t\t<div id=\"elementor-tab-title-1281\" class=\"elementor-tab-title elementor-tab-desktop-title\" aria-selected=\"true\" data-tab=\"1\" role=\"tab\" tabindex=\"0\" aria-controls=\"elementor-tab-content-1281\" aria-expanded=\"false\">General<\/div>\n\t\t\t\t\t\t\t\t\t<div id=\"elementor-tab-title-1282\" class=\"elementor-tab-title elementor-tab-desktop-title\" aria-selected=\"false\" data-tab=\"2\" role=\"tab\" tabindex=\"-1\" aria-controls=\"elementor-tab-content-1282\" aria-expanded=\"false\">Jornada Colegio Notarios Patrimonio protegido<\/div>\n\t\t\t\t\t\t\t<\/div>\n\t\t\t<div class=\"elementor-tabs-content-wrapper\" role=\"tablist\" aria-orientation=\"vertical\">\n\t\t\t\t\t\t\t\t\t<div class=\"elementor-tab-title elementor-tab-mobile-title\" aria-selected=\"true\" data-tab=\"1\" role=\"tab\" tabindex=\"0\" aria-controls=\"elementor-tab-content-1281\" aria-expanded=\"false\">General<\/div>\n\t\t\t\t\t<div id=\"elementor-tab-content-1281\" class=\"elementor-tab-content elementor-clearfix\" data-tab=\"1\" role=\"tabpanel\" aria-labelledby=\"elementor-tab-title-1281\" tabindex=\"0\" hidden=\"false\">\t\t<div data-elementor-type=\"page\" data-elementor-id=\"4374\" class=\"elementor elementor-4374\" data-elementor-post-type=\"elementor_library\">\n\t\t\t\t<div class=\"elementor-element elementor-element-65f04c2e e-flex e-con-boxed e-con e-parent\" data-id=\"65f04c2e\" data-element_type=\"container\" data-e-type=\"container\">\n\t\t\t\t\t<div class=\"e-con-inner\">\n\t\t\t\t<div class=\"elementor-element elementor-element-12c5a308 elementor-icon-list--layout-traditional elementor-list-item-link-full_width elementor-widget elementor-widget-icon-list\" data-id=\"12c5a308\" data-element_type=\"widget\" data-e-type=\"widget\" data-widget_type=\"icon-list.default\">\n\t\t\t\t<div class=\"elementor-widget-container\">\n\t\t\t\t\t\t\t<ul class=\"elementor-icon-list-items\">\n\t\t\t\t\t\t\t<li class=\"elementor-icon-list-item\">\n\t\t\t\t\t\t\t\t\t\t\t<a href=\"https:\/\/www.fundacionsindano.com\/wp-content\/uploads\/2017\/11\/Huete-Garc%C3%ADa-A.-2012-.-Los-menores-con-discapacidad-en-Espa%C3%B1a.-Aproximaci%C3%B3n-estad%C3%ADstica.-Intersocial.pdf\" target=\"_blank\">\n\n\t\t\t\t\t\t\t\t\t\t\t<span class=\"elementor-icon-list-text\">Huete Garc\u00eda, A. (2012) . Los menores con discapacidad en Espa\u00f1a. Aproximaci\u00f3n estad\u00edstica. Intersocial<\/span>\n\t\t\t\t\t\t\t\t\t\t\t<\/a>\n\t\t\t\t\t\t\t\t\t<\/li>\n\t\t\t\t\t\t<\/ul>\n\t\t\t\t\t\t<\/div>\n\t\t\t\t<\/div>\n\t\t\t\t<div class=\"elementor-element elementor-element-6d938407 elementor-icon-list--layout-traditional elementor-list-item-link-full_width elementor-widget elementor-widget-icon-list\" data-id=\"6d938407\" data-element_type=\"widget\" data-e-type=\"widget\" data-widget_type=\"icon-list.default\">\n\t\t\t\t<div class=\"elementor-widget-container\">\n\t\t\t\t\t\t\t<ul class=\"elementor-icon-list-items\">\n\t\t\t\t\t\t\t<li class=\"elementor-icon-list-item\">\n\t\t\t\t\t\t\t\t\t\t\t<a href=\"https:\/\/www.fundacionsindano.com\/wp-content\/uploads\/2017\/11\/Huete-Garc%C3%ADaA-et-al.-2016.-Jovenes-con-discapacidad-en-Espa%C3%B1a.-Injuve-CERMI.pdf\" target=\"_blank\">\n\n\t\t\t\t\t\t\t\t\t\t\t<span class=\"elementor-icon-list-text\">Huete Garc\u00eda,A et al. (2016). Jovenes con discapacidad en Espa\u00f1a. Injuve, CERMI<\/span>\n\t\t\t\t\t\t\t\t\t\t\t<\/a>\n\t\t\t\t\t\t\t\t\t<\/li>\n\t\t\t\t\t\t<\/ul>\n\t\t\t\t\t\t<\/div>\n\t\t\t\t<\/div>\n\t\t\t\t<div class=\"elementor-element elementor-element-57f7d8a0 elementor-icon-list--layout-traditional elementor-list-item-link-full_width elementor-widget elementor-widget-icon-list\" data-id=\"57f7d8a0\" data-element_type=\"widget\" data-e-type=\"widget\" data-widget_type=\"icon-list.default\">\n\t\t\t\t<div class=\"elementor-widget-container\">\n\t\t\t\t\t\t\t<ul class=\"elementor-icon-list-items\">\n\t\t\t\t\t\t\t<li class=\"elementor-icon-list-item\">\n\t\t\t\t\t\t\t\t\t\t\t<a href=\"https:\/\/www.fundacionsindano.com\/wp-content\/uploads\/2017\/11\/I-Campoy-2013-Estudio-ni%C3%B1@s-discapacidad-UNICEF.pdf\" target=\"_blank\">\n\n\t\t\t\t\t\t\t\t\t\t\t<span class=\"elementor-icon-list-text\">I Campoy (2013) Estudio ni\u00f1@s discapacidad UNICEF<\/span>\n\t\t\t\t\t\t\t\t\t\t\t<\/a>\n\t\t\t\t\t\t\t\t\t<\/li>\n\t\t\t\t\t\t<\/ul>\n\t\t\t\t\t\t<\/div>\n\t\t\t\t<\/div>\n\t\t\t\t<div class=\"elementor-element elementor-element-7042ad34 elementor-icon-list--layout-traditional elementor-list-item-link-full_width elementor-widget elementor-widget-icon-list\" data-id=\"7042ad34\" data-element_type=\"widget\" data-e-type=\"widget\" data-widget_type=\"icon-list.default\">\n\t\t\t\t<div class=\"elementor-widget-container\">\n\t\t\t\t\t\t\t<ul class=\"elementor-icon-list-items\">\n\t\t\t\t\t\t\t<li class=\"elementor-icon-list-item\">\n\t\t\t\t\t\t\t\t\t\t\t<a href=\"https:\/\/www.fundacionsindano.com\/wp-content\/uploads\/2017\/11\/INJUVE.-2017.-Presentacion-jovenes-con-discapacidad.pdf\" target=\"_blank\">\n\n\t\t\t\t\t\t\t\t\t\t\t<span class=\"elementor-icon-list-text\">INJUVE. (2017). Presentacion jovenes con discapacidad<\/span>\n\t\t\t\t\t\t\t\t\t\t\t<\/a>\n\t\t\t\t\t\t\t\t\t<\/li>\n\t\t\t\t\t\t<\/ul>\n\t\t\t\t\t\t<\/div>\n\t\t\t\t<\/div>\n\t\t\t\t<div class=\"elementor-element elementor-element-214ea63b elementor-icon-list--layout-traditional elementor-list-item-link-full_width elementor-widget elementor-widget-icon-list\" data-id=\"214ea63b\" data-element_type=\"widget\" data-e-type=\"widget\" data-widget_type=\"icon-list.default\">\n\t\t\t\t<div class=\"elementor-widget-container\">\n\t\t\t\t\t\t\t<ul class=\"elementor-icon-list-items\">\n\t\t\t\t\t\t\t<li class=\"elementor-icon-list-item\">\n\t\t\t\t\t\t\t\t\t\t\t<a href=\"https:\/\/www.fundacionsindano.com\/wp-content\/uploads\/2017\/11\/Maierhofer-et-al.-2011-Prevalence-and-features-of-ICF-disability-in-Spain.pdf\" target=\"_blank\">\n\n\t\t\t\t\t\t\t\t\t\t\t<span class=\"elementor-icon-list-text\">Maierhofer et al. (2011) Prevalence and features of ICF-disability in Spain<\/span>\n\t\t\t\t\t\t\t\t\t\t\t<\/a>\n\t\t\t\t\t\t\t\t\t<\/li>\n\t\t\t\t\t\t<\/ul>\n\t\t\t\t\t\t<\/div>\n\t\t\t\t<\/div>\n\t\t\t\t<div class=\"elementor-element elementor-element-7c959002 elementor-icon-list--layout-traditional elementor-list-item-link-full_width elementor-widget elementor-widget-icon-list\" data-id=\"7c959002\" data-element_type=\"widget\" data-e-type=\"widget\" data-widget_type=\"icon-list.default\">\n\t\t\t\t<div class=\"elementor-widget-container\">\n\t\t\t\t\t\t\t<ul class=\"elementor-icon-list-items\">\n\t\t\t\t\t\t\t<li class=\"elementor-icon-list-item\">\n\t\t\t\t\t\t\t\t\t\t\t<a href=\"https:\/\/www.fundacionsindano.com\/wp-content\/uploads\/2017\/11\/Reconocimiento-del-Grado-de-Discapacidad.-Madrid.pdf\" target=\"_blank\">\n\n\t\t\t\t\t\t\t\t\t\t\t<span class=\"elementor-icon-list-text\">Reconocimiento del Grado de Discapacidad. Madrid<\/span>\n\t\t\t\t\t\t\t\t\t\t\t<\/a>\n\t\t\t\t\t\t\t\t\t<\/li>\n\t\t\t\t\t\t<\/ul>\n\t\t\t\t\t\t<\/div>\n\t\t\t\t<\/div>\n\t\t\t\t<div class=\"elementor-element elementor-element-7d0bf9c3 elementor-icon-list--layout-traditional elementor-list-item-link-full_width elementor-widget elementor-widget-icon-list\" data-id=\"7d0bf9c3\" data-element_type=\"widget\" data-e-type=\"widget\" data-widget_type=\"icon-list.default\">\n\t\t\t\t<div class=\"elementor-widget-container\">\n\t\t\t\t\t\t\t<ul class=\"elementor-icon-list-items\">\n\t\t\t\t\t\t\t<li class=\"elementor-icon-list-item\">\n\t\t\t\t\t\t\t\t\t\t\t<a href=\"https:\/\/www.fundacionsindano.com\/wp-content\/uploads\/2021\/11\/GUIA-3-SENR.pdf\" target=\"_blank\">\n\n\t\t\t\t\t\t\t\t\t\t\t<span class=\"elementor-icon-list-text\">Carolina Colomer, Alan Juarez BELAUNDE (2021) Principios B\u00e1sicos del Manejo del Dolor en el Da\u00f1o Cerebral Sobrevenido\u201d (SEN) ( SERMEF) (SED).<\/span>\n\t\t\t\t\t\t\t\t\t\t\t<\/a>\n\t\t\t\t\t\t\t\t\t<\/li>\n\t\t\t\t\t\t<\/ul>\n\t\t\t\t\t\t<\/div>\n\t\t\t\t<\/div>\n\t\t\t\t<div class=\"elementor-element elementor-element-30e3d10c elementor-icon-list--layout-traditional elementor-list-item-link-full_width elementor-widget elementor-widget-icon-list\" data-id=\"30e3d10c\" data-element_type=\"widget\" data-e-type=\"widget\" data-widget_type=\"icon-list.default\">\n\t\t\t\t<div class=\"elementor-widget-container\">\n\t\t\t\t\t\t\t<ul class=\"elementor-icon-list-items\">\n\t\t\t\t\t\t\t<li class=\"elementor-icon-list-item\">\n\t\t\t\t\t\t\t\t\t\t\t<a href=\"https:\/\/www.fundacionsindano.com\/wp-content\/uploads\/2022\/05\/Modelos-atencion-DCA-neurologia.pdf\" target=\"_blank\">\n\n\t\t\t\t\t\t\t\t\t\t\t<span class=\"elementor-icon-list-text\">M Fern\u00e1ndez S\u00e1nchez, Alba Aza-Hern\u00e1ndez, Miguel A Verdugo. Modelos de atenci\u00f3n p\u00fablica a la poblaci\u00f3n con DCA en Espa\u00f1a: un estudio de la situaci\u00f3n por CCAA. Rev Neurolog\u00eda 2022 74 (8)<\/span>\n\t\t\t\t\t\t\t\t\t\t\t<\/a>\n\t\t\t\t\t\t\t\t\t<\/li>\n\t\t\t\t\t\t<\/ul>\n\t\t\t\t\t\t<\/div>\n\t\t\t\t<\/div>\n\t\t\t\t\t<\/div>\n\t\t\t\t<\/div>\n\t\t\t\t<\/div>\n\t\t<\/div>\n\t\t\t\t\t\t\t\t\t<div class=\"elementor-tab-title elementor-tab-mobile-title\" aria-selected=\"false\" data-tab=\"2\" role=\"tab\" tabindex=\"-1\" aria-controls=\"elementor-tab-content-1282\" aria-expanded=\"false\">Jornada Colegio Notarios Patrimonio protegido<\/div>\n\t\t\t\t\t<div id=\"elementor-tab-content-1282\" class=\"elementor-tab-content elementor-clearfix\" data-tab=\"2\" role=\"tabpanel\" aria-labelledby=\"elementor-tab-title-1282\" tabindex=\"0\" hidden=\"hidden\">\t\t<div data-elementor-type=\"page\" data-elementor-id=\"4378\" class=\"elementor elementor-4378\" data-elementor-post-type=\"elementor_library\">\n\t\t\t\t<div class=\"elementor-element elementor-element-4b52cbda e-flex e-con-boxed e-con e-parent\" data-id=\"4b52cbda\" data-element_type=\"container\" data-e-type=\"container\">\n\t\t\t\t\t<div class=\"e-con-inner\">\n\t\t\t\t<div class=\"elementor-element elementor-element-3d1ac2dc elementor-icon-list--layout-traditional elementor-list-item-link-full_width elementor-widget elementor-widget-icon-list\" data-id=\"3d1ac2dc\" data-element_type=\"widget\" data-e-type=\"widget\" data-widget_type=\"icon-list.default\">\n\t\t\t\t<div class=\"elementor-widget-container\">\n\t\t\t\t\t\t\t<ul class=\"elementor-icon-list-items\">\n\t\t\t\t\t\t\t<li class=\"elementor-icon-list-item\">\n\t\t\t\t\t\t\t\t\t\t\t<a href=\"https:\/\/www.fundacionsindano.com\/wp-content\/uploads\/2017\/11\/Patrimonio-protegido.pdf\" target=\"_blank\">\n\n\t\t\t\t\t\t\t\t\t\t\t<span class=\"elementor-icon-list-text\">Patrimonio protegido<\/span>\n\t\t\t\t\t\t\t\t\t\t\t<\/a>\n\t\t\t\t\t\t\t\t\t<\/li>\n\t\t\t\t\t\t<\/ul>\n\t\t\t\t\t\t<\/div>\n\t\t\t\t<\/div>\n\t\t\t\t<div class=\"elementor-element elementor-element-45f083f7 elementor-icon-list--layout-traditional elementor-list-item-link-full_width elementor-widget elementor-widget-icon-list\" data-id=\"45f083f7\" data-element_type=\"widget\" data-e-type=\"widget\" data-widget_type=\"icon-list.default\">\n\t\t\t\t<div class=\"elementor-widget-container\">\n\t\t\t\t\t\t\t<ul class=\"elementor-icon-list-items\">\n\t\t\t\t\t\t\t<li class=\"elementor-icon-list-item\">\n\t\t\t\t\t\t\t\t\t\t\t<a href=\"https:\/\/www.fundacionsindano.com\/wp-content\/uploads\/2017\/11\/Programa-Jornadas-de-asesoramiento-jur%C3%ADdico.pdf\" target=\"_blank\">\n\n\t\t\t\t\t\t\t\t\t\t\t<span class=\"elementor-icon-list-text\">Programa Jornadas de asesoramiento jur\u00eddico<\/span>\n\t\t\t\t\t\t\t\t\t\t\t<\/a>\n\t\t\t\t\t\t\t\t\t<\/li>\n\t\t\t\t\t\t<\/ul>\n\t\t\t\t\t\t<\/div>\n\t\t\t\t<\/div>\n\t\t\t\t<div class=\"elementor-element elementor-element-5098e94a elementor-icon-list--layout-traditional elementor-list-item-link-full_width elementor-widget elementor-widget-icon-list\" data-id=\"5098e94a\" data-element_type=\"widget\" data-e-type=\"widget\" data-widget_type=\"icon-list.default\">\n\t\t\t\t<div class=\"elementor-widget-container\">\n\t\t\t\t\t\t\t<ul class=\"elementor-icon-list-items\">\n\t\t\t\t\t\t\t<li class=\"elementor-icon-list-item\">\n\t\t\t\t\t\t\t\t\t\t\t<a href=\"https:\/\/www.fundacionsindano.com\/wp-content\/uploads\/2017\/11\/Resumen.pdf\" target=\"_blank\">\n\n\t\t\t\t\t\t\t\t\t\t\t<span class=\"elementor-icon-list-text\">Resumen<\/span>\n\t\t\t\t\t\t\t\t\t\t\t<\/a>\n\t\t\t\t\t\t\t\t\t<\/li>\n\t\t\t\t\t\t<\/ul>\n\t\t\t\t\t\t<\/div>\n\t\t\t\t<\/div>\n\t\t\t\t\t<\/div>\n\t\t\t\t<\/div>\n\t\t\t\t<\/div>\n\t\t<\/div>\n\t\t\t\t\t\t\t<\/div>\n\t\t<\/div>\n\t\t\t\t\t\t<\/div>\n\t\t\t\t<\/div>\n\t\t\t\t\t<\/div>\n\t\t\t\t<\/div>\n\t\t\t\t<\/div>\n\t\t","protected":false},"excerpt":{"rendered":"<p>Discapacidad General Jornada Colegio Notarios Patrimonio protegido General Jornada Colegio Notarios Patrimonio protegido<\/p>\n","protected":false},"author":1,"featured_media":0,"parent":0,"menu_order":0,"comment_status":"closed","ping_status":"closed","template":"","meta":{"give_campaign_id":0,"footnotes":""},"class_list":["post-1857","page","type-page","status-publish","hentry"],"yoast_head":"<!-- This site is optimized with the Yoast SEO plugin v27.4 - https:\/\/yoast.com\/product\/yoast-seo-wordpress\/ -->\n<title>Discapacidad - Fundaci\u00f3n Sin Da\u00f1o<\/title>\n<meta name=\"robots\" content=\"index, follow, max-snippet:-1, max-image-preview:large, max-video-preview:-1\" \/>\n<link rel=\"canonical\" href=\"https:\/\/www.fundacionsindano.com\/en\/discapacidad\/\" \/>\n<meta property=\"og:locale\" content=\"en_US\" \/>\n<meta property=\"og:type\" content=\"article\" \/>\n<meta property=\"og:title\" content=\"Discapacidad - Fundaci\u00f3n Sin Da\u00f1o\" \/>\n<meta property=\"og:description\" content=\"Discapacidad General Jornada Colegio Notarios Patrimonio protegido General Jornada Colegio Notarios Patrimonio protegido\" \/>\n<meta property=\"og:url\" content=\"https:\/\/www.fundacionsindano.com\/en\/discapacidad\/\" \/>\n<meta property=\"og:site_name\" content=\"Fundaci\u00f3n Sin Da\u00f1o\" \/>\n<meta property=\"article:modified_time\" content=\"2024-06-15T10:03:43+00:00\" \/>\n<meta name=\"twitter:card\" content=\"summary_large_image\" \/>\n<script type=\"application\/ld+json\" class=\"yoast-schema-graph\">{\"@context\":\"https:\\\/\\\/schema.org\",\"@graph\":[{\"@type\":\"WebPage\",\"@id\":\"https:\\\/\\\/www.fundacionsindano.com\\\/en\\\/discapacidad\\\/\",\"url\":\"https:\\\/\\\/www.fundacionsindano.com\\\/en\\\/discapacidad\\\/\",\"name\":\"Discapacidad - Fundaci\u00f3n Sin Da\u00f1o\",\"isPartOf\":{\"@id\":\"https:\\\/\\\/www.fundacionsindano.com\\\/en\\\/#website\"},\"datePublished\":\"2017-11-28T10:43:37+00:00\",\"dateModified\":\"2024-06-15T10:03:43+00:00\",\"breadcrumb\":{\"@id\":\"https:\\\/\\\/www.fundacionsindano.com\\\/en\\\/discapacidad\\\/#breadcrumb\"},\"inLanguage\":\"en-US\",\"potentialAction\":[{\"@type\":\"ReadAction\",\"target\":[\"https:\\\/\\\/www.fundacionsindano.com\\\/en\\\/discapacidad\\\/\"]}]},{\"@type\":\"BreadcrumbList\",\"@id\":\"https:\\\/\\\/www.fundacionsindano.com\\\/en\\\/discapacidad\\\/#breadcrumb\",\"itemListElement\":[{\"@type\":\"ListItem\",\"position\":1,\"name\":\"Portada\",\"item\":\"https:\\\/\\\/www.fundacionsindano.com\\\/en\\\/\"},{\"@type\":\"ListItem\",\"position\":2,\"name\":\"Discapacidad\"}]},{\"@type\":\"WebSite\",\"@id\":\"https:\\\/\\\/www.fundacionsindano.com\\\/en\\\/#website\",\"url\":\"https:\\\/\\\/www.fundacionsindano.com\\\/en\\\/\",\"name\":\"Fundaci\u00f3n Sin Da\u00f1o\",\"description\":\"\",\"publisher\":{\"@id\":\"https:\\\/\\\/www.fundacionsindano.com\\\/en\\\/#organization\"},\"potentialAction\":[{\"@type\":\"SearchAction\",\"target\":{\"@type\":\"EntryPoint\",\"urlTemplate\":\"https:\\\/\\\/www.fundacionsindano.com\\\/en\\\/?s={search_term_string}\"},\"query-input\":{\"@type\":\"PropertyValueSpecification\",\"valueRequired\":true,\"valueName\":\"search_term_string\"}}],\"inLanguage\":\"en-US\"},{\"@type\":\"Organization\",\"@id\":\"https:\\\/\\\/www.fundacionsindano.com\\\/en\\\/#organization\",\"name\":\"Fundaci\u00f3n Sin Da\u00f1o\",\"url\":\"https:\\\/\\\/www.fundacionsindano.com\\\/en\\\/\",\"logo\":{\"@type\":\"ImageObject\",\"inLanguage\":\"en-US\",\"@id\":\"https:\\\/\\\/www.fundacionsindano.com\\\/en\\\/#\\\/schema\\\/logo\\\/image\\\/\",\"url\":\"https:\\\/\\\/www.fundacionsindano.com\\\/wp-content\\\/uploads\\\/2017\\\/10\\\/fundacion_sin_dano_logo_retina.jpg\",\"contentUrl\":\"https:\\\/\\\/www.fundacionsindano.com\\\/wp-content\\\/uploads\\\/2017\\\/10\\\/fundacion_sin_dano_logo_retina.jpg\",\"width\":300,\"height\":300,\"caption\":\"Fundaci\u00f3n Sin Da\u00f1o\"},\"image\":{\"@id\":\"https:\\\/\\\/www.fundacionsindano.com\\\/en\\\/#\\\/schema\\\/logo\\\/image\\\/\"}}]}<\/script>\n<!-- \/ Yoast SEO plugin. -->","yoast_head_json":{"title":"Discapacidad - Fundaci\u00f3n Sin Da\u00f1o","robots":{"index":"index","follow":"follow","max-snippet":"max-snippet:-1","max-image-preview":"max-image-preview:large","max-video-preview":"max-video-preview:-1"},"canonical":"https:\/\/www.fundacionsindano.com\/en\/discapacidad\/","og_locale":"en_US","og_type":"article","og_title":"Discapacidad - Fundaci\u00f3n Sin Da\u00f1o","og_description":"Discapacidad General Jornada Colegio Notarios Patrimonio protegido General Jornada Colegio Notarios Patrimonio protegido","og_url":"https:\/\/www.fundacionsindano.com\/en\/discapacidad\/","og_site_name":"Fundaci\u00f3n Sin Da\u00f1o","article_modified_time":"2024-06-15T10:03:43+00:00","twitter_card":"summary_large_image","schema":{"@context":"https:\/\/schema.org","@graph":[{"@type":"WebPage","@id":"https:\/\/www.fundacionsindano.com\/en\/discapacidad\/","url":"https:\/\/www.fundacionsindano.com\/en\/discapacidad\/","name":"Discapacidad - Fundaci\u00f3n Sin Da\u00f1o","isPartOf":{"@id":"https:\/\/www.fundacionsindano.com\/en\/#website"},"datePublished":"2017-11-28T10:43:37+00:00","dateModified":"2024-06-15T10:03:43+00:00","breadcrumb":{"@id":"https:\/\/www.fundacionsindano.com\/en\/discapacidad\/#breadcrumb"},"inLanguage":"en-US","potentialAction":[{"@type":"ReadAction","target":["https:\/\/www.fundacionsindano.com\/en\/discapacidad\/"]}]},{"@type":"BreadcrumbList","@id":"https:\/\/www.fundacionsindano.com\/en\/discapacidad\/#breadcrumb","itemListElement":[{"@type":"ListItem","position":1,"name":"Portada","item":"https:\/\/www.fundacionsindano.com\/en\/"},{"@type":"ListItem","position":2,"name":"Discapacidad"}]},{"@type":"WebSite","@id":"https:\/\/www.fundacionsindano.com\/en\/#website","url":"https:\/\/www.fundacionsindano.com\/en\/","name":"Fundaci\u00f3n Sin Da\u00f1o","description":"","publisher":{"@id":"https:\/\/www.fundacionsindano.com\/en\/#organization"},"potentialAction":[{"@type":"SearchAction","target":{"@type":"EntryPoint","urlTemplate":"https:\/\/www.fundacionsindano.com\/en\/?s={search_term_string}"},"query-input":{"@type":"PropertyValueSpecification","valueRequired":true,"valueName":"search_term_string"}}],"inLanguage":"en-US"},{"@type":"Organization","@id":"https:\/\/www.fundacionsindano.com\/en\/#organization","name":"Fundaci\u00f3n Sin Da\u00f1o","url":"https:\/\/www.fundacionsindano.com\/en\/","logo":{"@type":"ImageObject","inLanguage":"en-US","@id":"https:\/\/www.fundacionsindano.com\/en\/#\/schema\/logo\/image\/","url":"https:\/\/www.fundacionsindano.com\/wp-content\/uploads\/2017\/10\/fundacion_sin_dano_logo_retina.jpg","contentUrl":"https:\/\/www.fundacionsindano.com\/wp-content\/uploads\/2017\/10\/fundacion_sin_dano_logo_retina.jpg","width":300,"height":300,"caption":"Fundaci\u00f3n Sin Da\u00f1o"},"image":{"@id":"https:\/\/www.fundacionsindano.com\/en\/#\/schema\/logo\/image\/"}}]}},"campaignId":"","_links":{"self":[{"href":"https:\/\/www.fundacionsindano.com\/en\/wp-json\/wp\/v2\/pages\/1857","targetHints":{"allow":["GET"]}}],"collection":[{"href":"https:\/\/www.fundacionsindano.com\/en\/wp-json\/wp\/v2\/pages"}],"about":[{"href":"https:\/\/www.fundacionsindano.com\/en\/wp-json\/wp\/v2\/types\/page"}],"author":[{"embeddable":true,"href":"https:\/\/www.fundacionsindano.com\/en\/wp-json\/wp\/v2\/users\/1"}],"replies":[{"embeddable":true,"href":"https:\/\/www.fundacionsindano.com\/en\/wp-json\/wp\/v2\/comments?post=1857"}],"version-history":[{"count":4,"href":"https:\/\/www.fundacionsindano.com\/en\/wp-json\/wp\/v2\/pages\/1857\/revisions"}],"predecessor-version":[{"id":4586,"href":"https:\/\/www.fundacionsindano.com\/en\/wp-json\/wp\/v2\/pages\/1857\/revisions\/4586"}],"wp:attachment":[{"href":"https:\/\/www.fundacionsindano.com\/en\/wp-json\/wp\/v2\/media?parent=1857"}],"curies":[{"name":"wp","href":"https:\/\/api.w.org\/{rel}","templated":true}]}}